{"id":23,"date":"2020-01-26T19:27:28","date_gmt":"2020-01-26T18:27:28","guid":{"rendered":"http:\/\/bertranddhomme.com\/?page_id=23"},"modified":"2021-04-28T17:27:24","modified_gmt":"2021-04-28T15:27:24","slug":"expositions-performances","status":"publish","type":"page","link":"http:\/\/bertranddhomme.com\/index.php\/expositions-performances\/","title":{"rendered":"Expositions &#038; performances"},"content":{"rendered":"\n<div class=\"wp-block-image\"><figure class=\"aligncenter size-large is-resized\"><img loading=\"lazy\" decoding=\"async\" src=\"http:\/\/bertranddhomme.com\/wp-content\/uploads\/2020\/10\/a39a5f0edcfb309f3f9932e4ec0845cb.jpg\" alt=\"\" class=\"wp-image-418\" width=\"549\" height=\"765\" srcset=\"http:\/\/bertranddhomme.com\/wp-content\/uploads\/2020\/10\/a39a5f0edcfb309f3f9932e4ec0845cb.jpg 487w, http:\/\/bertranddhomme.com\/wp-content\/uploads\/2020\/10\/a39a5f0edcfb309f3f9932e4ec0845cb-215x300.jpg 215w\" sizes=\"auto, (max-width: 549px) 100vw, 549px\" \/><figcaption><strong>1968:<\/strong> Participation aux films Underground d\u2019Etienne O\u2019Leary <\/figcaption><\/figure><\/div>\n\n\n\n<h6 class=\"has-text-align-center wp-block-heading\">Participation \u00e0 \u00ab\u00a0Paradise Now\u00a0\u00bb du Living Th\u00e9\u00e2tre \u00e0 Avignon.<\/h6>\n\n\n\n<h6 class=\"has-text-align-center wp-block-heading\"> Cr\u00e9ation collective en 1967 avec la troupe SHANTI au Festival d\u2019avant-garde de Rouen,<\/h6>\n\n\n\n<h6 class=\"has-text-align-center wp-block-heading\"> \u00e0 partir d\u2019une pi\u00e8ce de Jean-Clarence Lambert.<\/h6>\n\n\n\n<div class=\"wp-block-image\"><figure class=\"aligncenter size-large is-resized\"><img loading=\"lazy\" decoding=\"async\" src=\"http:\/\/bertranddhomme.com\/wp-content\/uploads\/2021\/04\/philippe-garrel-le-lit-de-la-vierge.jpg\" alt=\"\" class=\"wp-image-453\" width=\"550\" height=\"550\" srcset=\"http:\/\/bertranddhomme.com\/wp-content\/uploads\/2021\/04\/philippe-garrel-le-lit-de-la-vierge.jpg 800w, http:\/\/bertranddhomme.com\/wp-content\/uploads\/2021\/04\/philippe-garrel-le-lit-de-la-vierge-300x300.jpg 300w, http:\/\/bertranddhomme.com\/wp-content\/uploads\/2021\/04\/philippe-garrel-le-lit-de-la-vierge-150x150.jpg 150w, http:\/\/bertranddhomme.com\/wp-content\/uploads\/2021\/04\/philippe-garrel-le-lit-de-la-vierge-768x768.jpg 768w\" sizes=\"auto, (max-width: 550px) 100vw, 550px\" \/><figcaption><strong>1969 : <\/strong>Participation au film de Philippe Garrel dans \u00ab\u00a0Le lit de la vierge\u00a0\u00bb \u00e0 Rome<\/figcaption><\/figure><\/div>\n\n\n\n<p><\/p>\n\n\n\n<div class=\"wp-block-image is-style-default\"><figure class=\"aligncenter size-large is-resized\"><img loading=\"lazy\" decoding=\"async\" src=\"http:\/\/bertranddhomme.com\/wp-content\/uploads\/2020\/07\/Kinopanorama@Bernadotte@Dhommeww-716x1024.jpg\" alt=\"\" class=\"wp-image-320\" width=\"551\" height=\"781\"\/><figcaption><strong>1975:<\/strong> Pr\u00e9sentation de <a rel=\"noreferrer noopener\" href=\"https:\/\/fr.wikipedia.org\/wiki\/Kinopanorama_(salle_de_cin\u00e9ma)\" target=\"_blank\">Kinopanorama<\/a> peintures anim\u00e9s, \u00a0\u00bb Images au centre de la t\u00eate\u00a0\u00bb \u00e0 Paris<\/figcaption><\/figure><\/div>\n\n\n\n<p><\/p>\n\n\n\n<div class=\"wp-block-image\"><figure class=\"aligncenter size-large is-resized\"><img loading=\"lazy\" decoding=\"async\" src=\"http:\/\/bertranddhomme.com\/wp-content\/uploads\/2020\/07\/IMG_20200924_174920-758x1024.jpg\" alt=\"\" class=\"wp-image-357\" width=\"537\" height=\"725\" srcset=\"http:\/\/bertranddhomme.com\/wp-content\/uploads\/2020\/07\/IMG_20200924_174920-758x1024.jpg 758w, http:\/\/bertranddhomme.com\/wp-content\/uploads\/2020\/07\/IMG_20200924_174920-222x300.jpg 222w, http:\/\/bertranddhomme.com\/wp-content\/uploads\/2020\/07\/IMG_20200924_174920-768x1037.jpg 768w, http:\/\/bertranddhomme.com\/wp-content\/uploads\/2020\/07\/IMG_20200924_174920-1137x1536.jpg 1137w, http:\/\/bertranddhomme.com\/wp-content\/uploads\/2020\/07\/IMG_20200924_174920-1516x2048.jpg 1516w, http:\/\/bertranddhomme.com\/wp-content\/uploads\/2020\/07\/IMG_20200924_174920-1024x1383.jpg 1024w, http:\/\/bertranddhomme.com\/wp-content\/uploads\/2020\/07\/IMG_20200924_174920-800x1080.jpg 800w, http:\/\/bertranddhomme.com\/wp-content\/uploads\/2020\/07\/IMG_20200924_174920-scaled.jpg 1895w\" sizes=\"auto, (max-width: 537px) 100vw, 537px\" \/><figcaption><strong>1976<\/strong><br><strong> <\/strong>Peinture anim\u00e9e, projection salle de la montgolfi\u00e8re, Paris et \u00e0 la grotte de la cocali\u00e9re, en Ard\u00e8che.<\/figcaption><\/figure><\/div>\n\n\n\n<p><\/p>\n\n\n\n<div class=\"wp-block-image is-style-default\"><figure class=\"aligncenter size-large is-resized\"><img loading=\"lazy\" decoding=\"async\" src=\"http:\/\/bertranddhomme.com\/wp-content\/uploads\/2020\/10\/IMG_2835-471x1024.jpg\" alt=\"\" class=\"wp-image-415\" width=\"554\" height=\"1204\" srcset=\"http:\/\/bertranddhomme.com\/wp-content\/uploads\/2020\/10\/IMG_2835-471x1024.jpg 471w, http:\/\/bertranddhomme.com\/wp-content\/uploads\/2020\/10\/IMG_2835-138x300.jpg 138w, http:\/\/bertranddhomme.com\/wp-content\/uploads\/2020\/10\/IMG_2835-768x1671.jpg 768w, http:\/\/bertranddhomme.com\/wp-content\/uploads\/2020\/10\/IMG_2835-706x1536.jpg 706w\" sizes=\"auto, (max-width: 554px) 100vw, 554px\" \/><figcaption><strong>1977<\/strong>: Cr\u00e9ation microcosmop\u00e9ra peinture vivante, vid\u00e9o synth\u00e9tiseur, laser, danse, musique d<a rel=\"noreferrer noopener\" href=\"https:\/\/fr.wikipedia.org\/wiki\/Igor_Wakh%C3%A9vitch\" target=\"_blank\">&lsquo;Igor Wachevitch <\/a>\u00e0 Fontaine de Vaucluse, au off du festival d&rsquo;Avignon, \u00e0 la salle Ranelagh \u00e0 Paris.<\/figcaption><\/figure><\/div>\n\n\n\n<p class=\"has-text-align-center\"><strong>1983<\/strong> Exposition Galerie Flora Cesare Rancilio \u00e0 Paris<\/p>\n\n\n\n<div class=\"wp-block-image\"><figure class=\"aligncenter size-large is-resized\"><img loading=\"lazy\" decoding=\"async\" src=\"http:\/\/bertranddhomme.com\/wp-content\/uploads\/2020\/07\/Lheure-bleueW-708x1024.jpg\" alt=\"\" class=\"wp-image-154\" width=\"550\" height=\"797\"\/><figcaption><strong>1985 <\/strong><br>Galerie L\u2019heure Bleue. L\u2019Isle Sur Sorgue<\/figcaption><\/figure><\/div>\n\n\n\n<div class=\"wp-block-image\"><figure class=\"aligncenter size-large is-resized\"><img decoding=\"async\" src=\"http:\/\/bertranddhomme.com\/wp-content\/uploads\/2021\/04\/Salon-de-mai.jpg\" alt=\"\" class=\"wp-image-445\" width=\"550\" srcset=\"http:\/\/bertranddhomme.com\/wp-content\/uploads\/2021\/04\/Salon-de-mai.jpg 474w, http:\/\/bertranddhomme.com\/wp-content\/uploads\/2021\/04\/Salon-de-mai-209x300.jpg 209w\" sizes=\"(max-width: 474px) 100vw, 474px\" \/><figcaption><strong>1991<\/strong><br>Salon de Mai \u00e0 Paris, au grand Palais invit\u00e9 de Peter Klasen<\/figcaption><\/figure><\/div>\n\n\n\n<div class=\"wp-block-image\"><figure class=\"aligncenter size-large is-resized\"><img loading=\"lazy\" decoding=\"async\" src=\"http:\/\/bertranddhomme.com\/wp-content\/uploads\/2020\/07\/1995CastelnouWeb-879x1024.jpg\" alt=\"\" class=\"wp-image-182\" width=\"550\" height=\"621\"\/><figcaption><strong>1995<\/strong> Paris <br>Galerie de Castelnou<\/figcaption><\/figure><\/div>\n\n\n\n<div class=\"wp-block-image\"><figure class=\"aligncenter size-large is-resized\"><img loading=\"lazy\" decoding=\"async\" src=\"http:\/\/bertranddhomme.com\/wp-content\/uploads\/2020\/07\/1991Electrochoc-1024x732.jpg\" alt=\"\" class=\"wp-image-162\" width=\"550\" height=\"393\" srcset=\"http:\/\/bertranddhomme.com\/wp-content\/uploads\/2020\/07\/1991Electrochoc-1024x732.jpg 1024w, http:\/\/bertranddhomme.com\/wp-content\/uploads\/2020\/07\/1991Electrochoc-300x215.jpg 300w, http:\/\/bertranddhomme.com\/wp-content\/uploads\/2020\/07\/1991Electrochoc-768x549.jpg 768w, http:\/\/bertranddhomme.com\/wp-content\/uploads\/2020\/07\/1991Electrochoc.jpg 1200w\" sizes=\"auto, (max-width: 550px) 100vw, 550px\" \/><figcaption><strong>1991<\/strong> Monte Carlo<br>Galerie Abela <\/figcaption><\/figure><\/div>\n\n\n\n<div class=\"wp-block-image\"><figure class=\"aligncenter size-large is-resized\"><img loading=\"lazy\" decoding=\"async\" src=\"http:\/\/bertranddhomme.com\/wp-content\/uploads\/2020\/07\/97-iBIZA-929x1024.jpg\" alt=\"\" class=\"wp-image-150\" width=\"550\" height=\"607\" srcset=\"http:\/\/bertranddhomme.com\/wp-content\/uploads\/2020\/07\/97-iBIZA-929x1024.jpg 929w, http:\/\/bertranddhomme.com\/wp-content\/uploads\/2020\/07\/97-iBIZA-272x300.jpg 272w, http:\/\/bertranddhomme.com\/wp-content\/uploads\/2020\/07\/97-iBIZA-768x847.jpg 768w, http:\/\/bertranddhomme.com\/wp-content\/uploads\/2020\/07\/97-iBIZA-1024x1129.jpg 1024w, http:\/\/bertranddhomme.com\/wp-content\/uploads\/2020\/07\/97-iBIZA-980x1080.jpg 980w, http:\/\/bertranddhomme.com\/wp-content\/uploads\/2020\/07\/97-iBIZA.jpg 1200w\" sizes=\"auto, (max-width: 550px) 100vw, 550px\" \/><figcaption><strong><strong>1997<\/strong><\/strong> Ibiza<br>Galerie Es Moli <br><\/figcaption><\/figure><\/div>\n\n\n\n<div class=\"wp-block-image is-style-default\"><figure class=\"aligncenter is-resized\"><a href=\"https:\/\/apt-hopitaldavenir.fr\/actions\/vente-aux-encheres-doeuvres-dart-contemporain-2\/\"><img loading=\"lazy\" decoding=\"async\" src=\"https:\/\/i.pinimg.com\/236x\/3e\/8d\/6e\/3e8d6ecf8613498a53422e44c10d4b5f--bertrand.jpg\" alt=\"\" width=\"550\" height=\"810\"\/><\/a><figcaption> <strong>2016 <\/strong> <br>Galerie Lain\u00e9 \u00e0 M\u00e9nerbes  <br>Exposition des \u0153uvres graphiques de Bertrand Dhomme et des sculptures de <strong>Flavie Van Der Stigghel <\/strong>du 30 avril au 21 mai 2016 <br><br><br><img loading=\"lazy\" decoding=\"async\" width=\"550\" height=\"782\" class=\"wp-image-436\" style=\"width: 550px;\" src=\"http:\/\/bertranddhomme.com\/wp-content\/uploads\/2021\/04\/Droullet.jpg\" alt=\"\" srcset=\"http:\/\/bertranddhomme.com\/wp-content\/uploads\/2021\/04\/Droullet.jpg 844w, http:\/\/bertranddhomme.com\/wp-content\/uploads\/2021\/04\/Droullet-211x300.jpg 211w, http:\/\/bertranddhomme.com\/wp-content\/uploads\/2021\/04\/Droullet-720x1024.jpg 720w, http:\/\/bertranddhomme.com\/wp-content\/uploads\/2021\/04\/Droullet-768x1092.jpg 768w, http:\/\/bertranddhomme.com\/wp-content\/uploads\/2021\/04\/Droullet-760x1080.jpg 760w\" sizes=\"auto, (max-width: 550px) 100vw, 550px\" \/><br><img loading=\"lazy\" decoding=\"async\" width=\"550\" height=\"786\" class=\"wp-image-435\" style=\"width: 550px;\" src=\"http:\/\/bertranddhomme.com\/wp-content\/uploads\/2021\/04\/1Drouillet-e1619616605129.jpg\" alt=\"\"><strong>2016<\/strong> Atelier de Gerard Drouillet<br>Les amis de G\u00e9rard Drouillet dans son atelier, Le samedi 25 Juin \u00e0 Eygali\u00e8res<br><strong><br><\/strong><\/figcaption><\/figure><\/div>\n\n\n\n<div class=\"wp-block-image\"><figure class=\"aligncenter size-large is-resized\"><img loading=\"lazy\" decoding=\"async\" src=\"http:\/\/bertranddhomme.com\/wp-content\/uploads\/2020\/07\/13719481_1815457125357280_4541006715126485561_o.jpg\" alt=\"\" class=\"wp-image-306\" width=\"550\" height=\"761\"\/><figcaption><strong>2016<\/strong> Galerie Chapo<br>Exposition Collective d&rsquo;Art contemporain et de Street Art<br>Avec <strong>Goddog, Pablito Zago, RNST, Cedric bernadotte, Koma, Namek,<\/strong><br><\/figcaption><\/figure><\/div>\n\n\n\n<div class=\"wp-block-image\"><figure class=\"aligncenter size-large is-resized\"><a href=\"VENTE AUX ENCHERES D\u2019\u0152UVRES D\u2019ART CONTEMPORAIN au profit du centre hospitalier du Pays d\u2019Apt \"><img loading=\"lazy\" decoding=\"async\" src=\"http:\/\/bertranddhomme.com\/wp-content\/uploads\/2020\/03\/apt-avenir-affiche-vente-encheres-bandeau-e1497648716713-800x400-1.jpg\" alt=\"\" class=\"wp-image-107\" width=\"550\" height=\"275\" srcset=\"http:\/\/bertranddhomme.com\/wp-content\/uploads\/2020\/03\/apt-avenir-affiche-vente-encheres-bandeau-e1497648716713-800x400-1.jpg 800w, http:\/\/bertranddhomme.com\/wp-content\/uploads\/2020\/03\/apt-avenir-affiche-vente-encheres-bandeau-e1497648716713-800x400-1-300x150.jpg 300w, http:\/\/bertranddhomme.com\/wp-content\/uploads\/2020\/03\/apt-avenir-affiche-vente-encheres-bandeau-e1497648716713-800x400-1-768x384.jpg 768w\" sizes=\"auto, (max-width: 550px) 100vw, 550px\" \/><\/a><figcaption><strong>  2017 <\/strong><br> Vente aux ench\u00e8res d\u2019\u0153uvres d\u2019art contemporain au profit du centre hospitalier du Pays d\u2019Apt  \u00e0 la Lustrerie Mathieu \u00e0 Gargas<\/figcaption><\/figure><\/div>\n\n\n\n<h3 class=\"wp-block-heading\"><\/h3>\n\n\n\n\n\n<p><\/p>\n\n\n\n<p class=\"has-text-align-center\"><strong><span class=\"has-inline-color has-cyan-bluish-gray-color\"><\/span><\/strong><br><\/p>\n","protected":false},"excerpt":{"rendered":"<p>Participation \u00e0 \u00ab\u00a0Paradise Now\u00a0\u00bb du Living Th\u00e9\u00e2tre \u00e0 Avignon. Cr\u00e9ation collective en 1967 avec la troupe SHANTI au Festival d\u2019avant-garde de Rouen, \u00e0 partir d\u2019une pi\u00e8ce de Jean-Clarence Lambert. 1983 Exposition Galerie Flora Cesare Rancilio \u00e0 Paris<\/p>\n","protected":false},"author":1,"featured_media":119,"parent":0,"menu_order":0,"comment_status":"closed","ping_status":"closed","template":"page-templates\/homepage.php","meta":{"ngg_post_thumbnail":0,"footnotes":""},"class_list":["post-23","page","type-page","status-publish","has-post-thumbnail","hentry"],"_links":{"self":[{"href":"http:\/\/bertranddhomme.com\/index.php\/wp-json\/wp\/v2\/pages\/23","targetHints":{"allow":["GET"]}}],"collection":[{"href":"http:\/\/bertranddhomme.com\/index.php\/wp-json\/wp\/v2\/pages"}],"about":[{"href":"http:\/\/bertranddhomme.com\/index.php\/wp-json\/wp\/v2\/types\/page"}],"author":[{"embeddable":true,"href":"http:\/\/bertranddhomme.com\/index.php\/wp-json\/wp\/v2\/users\/1"}],"replies":[{"embeddable":true,"href":"http:\/\/bertranddhomme.com\/index.php\/wp-json\/wp\/v2\/comments?post=23"}],"version-history":[{"count":48,"href":"http:\/\/bertranddhomme.com\/index.php\/wp-json\/wp\/v2\/pages\/23\/revisions"}],"predecessor-version":[{"id":459,"href":"http:\/\/bertranddhomme.com\/index.php\/wp-json\/wp\/v2\/pages\/23\/revisions\/459"}],"wp:featuredmedia":[{"embeddable":true,"href":"http:\/\/bertranddhomme.com\/index.php\/wp-json\/wp\/v2\/media\/119"}],"wp:attachment":[{"href":"http:\/\/bertranddhomme.com\/index.php\/wp-json\/wp\/v2\/media?parent=23"}],"curies":[{"name":"wp","href":"https:\/\/api.w.org\/{rel}","templated":true}]}}